{"id":43,"date":"2018-06-28T11:10:16","date_gmt":"2018-06-28T09:10:16","guid":{"rendered":"http:\/\/stadtkirche-geretsried.de\/stadtkirche\/?page_id=43"},"modified":"2026-04-14T12:01:50","modified_gmt":"2026-04-14T10:01:50","slug":"mitarbeiter-der-stadtkirche","status":"publish","type":"page","link":"https:\/\/stadtkirche-geretsried.de\/stadtkirche\/mitarbeiter-der-stadtkirche\/","title":{"rendered":"Mitarbeiter der Stadtkirche"},"content":{"rendered":"\n<p><\/p>\n\n\n\n<div class=\"wp-block-columns is-layout-flex wp-container-core-columns-is-layout-28f84493 wp-block-columns-is-layout-flex\">\n<div class=\"wp-block-column is-layout-flow wp-block-column-is-layout-flow\">\n<div class=\"wp-block-media-text alignwide\" style=\"grid-template-columns:27% auto\"><figure class=\"wp-block-media-text__media\"><img loading=\"lazy\" decoding=\"async\" width=\"338\" height=\"450\" src=\"https:\/\/stadtkirche-geretsried.de\/stadtkirche\/wp-content\/uploads\/2021\/11\/DSC03947.jpg\" alt=\"\" class=\"wp-image-1380 size-full\" srcset=\"https:\/\/stadtkirche-geretsried.de\/stadtkirche\/wp-content\/uploads\/2021\/11\/DSC03947.jpg 338w, https:\/\/stadtkirche-geretsried.de\/stadtkirche\/wp-content\/uploads\/2021\/11\/DSC03947-225x300.jpg 225w, https:\/\/stadtkirche-geretsried.de\/stadtkirche\/wp-content\/uploads\/2021\/11\/DSC03947-300x400.jpg 300w\" sizes=\"auto, (max-width: 338px) 100vw, 338px\" \/><\/figure><div class=\"wp-block-media-text__content\">\n<p class=\"has-normal-font-size\">Frau Hedwig Sesto<br>Verwaltungsleiterin<br><a href=\"mailto:HSesto@ebmuc.de\">HSesto@ebmuc.de<\/a><br>Tel. 08171 98280<\/p>\n<\/div><\/div>\n<\/div>\n\n\n\n<div class=\"wp-block-column is-layout-flow wp-block-column-is-layout-flow\">\n<div class=\"wp-block-media-text alignwide\" style=\"grid-template-columns:27% auto\"><figure class=\"wp-block-media-text__media\"><img loading=\"lazy\" decoding=\"async\" width=\"644\" height=\"858\" src=\"https:\/\/stadtkirche-geretsried.de\/stadtkirche\/wp-content\/uploads\/2022\/08\/Bader-644x858.jpg\" alt=\"\" class=\"wp-image-1988 size-full\" srcset=\"https:\/\/stadtkirche-geretsried.de\/stadtkirche\/wp-content\/uploads\/2022\/08\/Bader-644x858.jpg 644w, https:\/\/stadtkirche-geretsried.de\/stadtkirche\/wp-content\/uploads\/2022\/08\/Bader-225x300.jpg 225w, https:\/\/stadtkirche-geretsried.de\/stadtkirche\/wp-content\/uploads\/2022\/08\/Bader-768x1024.jpg 768w, https:\/\/stadtkirche-geretsried.de\/stadtkirche\/wp-content\/uploads\/2022\/08\/Bader-300x400.jpg 300w, https:\/\/stadtkirche-geretsried.de\/stadtkirche\/wp-content\/uploads\/2022\/08\/Bader-1152x1536.jpg 1152w, https:\/\/stadtkirche-geretsried.de\/stadtkirche\/wp-content\/uploads\/2022\/08\/Bader-1536x2048.jpg 1536w, https:\/\/stadtkirche-geretsried.de\/stadtkirche\/wp-content\/uploads\/2022\/08\/Bader-scaled.jpg 1920w\" sizes=\"auto, (max-width: 644px) 100vw, 644px\" \/><\/figure><div class=\"wp-block-media-text__content\">\n<p class=\"has-text-align-left\">Frau Claudia Bader<br>Verwaltungsleitung<br>Kita Heilige Familie<br><a href=\"mailto:clbader@ebmuc.de\">clbader@ebmuc.de<\/a><\/p>\n<\/div><\/div>\n<\/div>\n<\/div>\n\n\n\n<p><\/p>\n\n\n\n<p><\/p>\n\n\n\n<div class=\"wp-block-columns is-layout-flex wp-container-core-columns-is-layout-28f84493 wp-block-columns-is-layout-flex\">\n<div class=\"wp-block-column is-layout-flow wp-block-column-is-layout-flow\">\n<div class=\"wp-block-media-text alignfull\" style=\"grid-template-columns:19% auto\"><figure class=\"wp-block-media-text__media\"><img loading=\"lazy\" decoding=\"async\" width=\"225\" height=\"300\" src=\"https:\/\/stadtkirche-geretsried.de\/stadtkirche\/wp-content\/uploads\/2021\/11\/DSC03898.jpg\" alt=\"\" class=\"wp-image-1368 size-full\"\/><\/figure><div class=\"wp-block-media-text__content\">\n<p class=\"has-small-font-size\" style=\"margin-top:var(--wp--preset--spacing--30);margin-bottom:var(--wp--preset--spacing--30)\">Frau Martina Altenburger<br>Reinigungskraft Maria Hilf und Hl. Familie<br>Tel. 08171 31596<\/p>\n<\/div><\/div>\n<\/div>\n\n\n\n<div class=\"wp-block-column is-layout-flow wp-block-column-is-layout-flow\">\n<div class=\"wp-block-media-text alignfull is-vertically-aligned-center\" style=\"grid-template-columns:19% auto\"><figure class=\"wp-block-media-text__media\"><img loading=\"lazy\" decoding=\"async\" width=\"200\" height=\"269\" src=\"https:\/\/stadtkirche-geretsried.de\/stadtkirche\/wp-content\/uploads\/2022\/06\/icon.jpg\" alt=\"\" class=\"wp-image-1901 size-full\"\/><\/figure><div class=\"wp-block-media-text__content\">\n<p class=\"has-text-align-left has-small-font-size\" style=\"margin-top:var(--wp--preset--spacing--30);margin-bottom:var(--wp--preset--spacing--30)\">Herr Albert  Chudalla<br>Mesner Hl. Familie<br>Tel. 08171 98280 <\/p>\n<\/div><\/div>\n<\/div>\n<\/div>\n\n\n\n<p><\/p>\n\n\n\n<div class=\"wp-block-columns is-layout-flex wp-container-core-columns-is-layout-28f84493 wp-block-columns-is-layout-flex\">\n<div class=\"wp-block-column is-layout-flow wp-block-column-is-layout-flow\">\n<div class=\"wp-block-media-text alignwide\" style=\"grid-template-columns:19% auto\"><figure class=\"wp-block-media-text__media\"><img loading=\"lazy\" decoding=\"async\" width=\"644\" height=\"859\" src=\"https:\/\/stadtkirche-geretsried.de\/stadtkirche\/wp-content\/uploads\/2022\/07\/DSC07662-644x859.jpg\" alt=\"\" class=\"wp-image-1956 size-full\" srcset=\"https:\/\/stadtkirche-geretsried.de\/stadtkirche\/wp-content\/uploads\/2022\/07\/DSC07662-644x859.jpg 644w, https:\/\/stadtkirche-geretsried.de\/stadtkirche\/wp-content\/uploads\/2022\/07\/DSC07662-225x300.jpg 225w, https:\/\/stadtkirche-geretsried.de\/stadtkirche\/wp-content\/uploads\/2022\/07\/DSC07662-768x1024.jpg 768w, https:\/\/stadtkirche-geretsried.de\/stadtkirche\/wp-content\/uploads\/2022\/07\/DSC07662-300x400.jpg 300w, https:\/\/stadtkirche-geretsried.de\/stadtkirche\/wp-content\/uploads\/2022\/07\/DSC07662-1152x1536.jpg 1152w, https:\/\/stadtkirche-geretsried.de\/stadtkirche\/wp-content\/uploads\/2022\/07\/DSC07662-1536x2048.jpg 1536w, https:\/\/stadtkirche-geretsried.de\/stadtkirche\/wp-content\/uploads\/2022\/07\/DSC07662-scaled.jpg 1920w\" sizes=\"auto, (max-width: 644px) 100vw, 644px\" \/><\/figure><div class=\"wp-block-media-text__content\">\n<p class=\"has-small-font-size\" style=\"margin-top:var(--wp--preset--spacing--30);margin-bottom:var(--wp--preset--spacing--30)\">Herr Martin Klora<br>Hausmeister Hl. Familie<br>Tel. 015110912676<\/p>\n<\/div><\/div>\n<\/div>\n\n\n\n<div class=\"wp-block-column is-layout-flow wp-block-column-is-layout-flow\">\n<div class=\"wp-block-media-text alignwide\" style=\"grid-template-columns:19% auto\"><figure class=\"wp-block-media-text__media\"><img loading=\"lazy\" decoding=\"async\" width=\"644\" height=\"859\" src=\"https:\/\/stadtkirche-geretsried.de\/stadtkirche\/wp-content\/uploads\/2021\/12\/DSC03003-644x859.jpg\" alt=\"\" class=\"wp-image-1421 size-full\" srcset=\"https:\/\/stadtkirche-geretsried.de\/stadtkirche\/wp-content\/uploads\/2021\/12\/DSC03003-644x859.jpg 644w, https:\/\/stadtkirche-geretsried.de\/stadtkirche\/wp-content\/uploads\/2021\/12\/DSC03003-225x300.jpg 225w, https:\/\/stadtkirche-geretsried.de\/stadtkirche\/wp-content\/uploads\/2021\/12\/DSC03003-768x1024.jpg 768w, https:\/\/stadtkirche-geretsried.de\/stadtkirche\/wp-content\/uploads\/2021\/12\/DSC03003-300x400.jpg 300w, https:\/\/stadtkirche-geretsried.de\/stadtkirche\/wp-content\/uploads\/2021\/12\/DSC03003-1152x1536.jpg 1152w, https:\/\/stadtkirche-geretsried.de\/stadtkirche\/wp-content\/uploads\/2021\/12\/DSC03003-1536x2048.jpg 1536w, https:\/\/stadtkirche-geretsried.de\/stadtkirche\/wp-content\/uploads\/2021\/12\/DSC03003-scaled.jpg 1920w\" sizes=\"auto, (max-width: 644px) 100vw, 644px\" \/><\/figure><div class=\"wp-block-media-text__content\">\n<p class=\"has-small-font-size\" style=\"margin-top:var(--wp--preset--spacing--30);margin-bottom:var(--wp--preset--spacing--30)\">Frau Katrin Linke<br>Pfarrsekret\u00e4rin Hl. Familie<br>Tel. 08171 98280<br><a href=\"mailto:hl-familie.gartenberg@ebmuc.de\">hl-familie.gartenberg@ebmuc.de<\/a><\/p>\n<\/div><\/div>\n<\/div>\n<\/div>\n\n\n\n<p><\/p>\n\n\n\n<div class=\"wp-block-columns is-layout-flex wp-container-core-columns-is-layout-28f84493 wp-block-columns-is-layout-flex\">\n<div class=\"wp-block-column is-layout-flow wp-block-column-is-layout-flow\">\n<div class=\"wp-block-media-text alignwide is-vertically-aligned-center\" style=\"grid-template-columns:19% auto\"><figure class=\"wp-block-media-text__media\"><img loading=\"lazy\" decoding=\"async\" width=\"644\" height=\"859\" src=\"https:\/\/stadtkirche-geretsried.de\/stadtkirche\/wp-content\/uploads\/2022\/07\/DSC07699-644x859.jpg\" alt=\"\" class=\"wp-image-1958 size-full\" srcset=\"https:\/\/stadtkirche-geretsried.de\/stadtkirche\/wp-content\/uploads\/2022\/07\/DSC07699-644x859.jpg 644w, https:\/\/stadtkirche-geretsried.de\/stadtkirche\/wp-content\/uploads\/2022\/07\/DSC07699-225x300.jpg 225w, https:\/\/stadtkirche-geretsried.de\/stadtkirche\/wp-content\/uploads\/2022\/07\/DSC07699-768x1024.jpg 768w, https:\/\/stadtkirche-geretsried.de\/stadtkirche\/wp-content\/uploads\/2022\/07\/DSC07699-300x400.jpg 300w, https:\/\/stadtkirche-geretsried.de\/stadtkirche\/wp-content\/uploads\/2022\/07\/DSC07699-1152x1536.jpg 1152w, https:\/\/stadtkirche-geretsried.de\/stadtkirche\/wp-content\/uploads\/2022\/07\/DSC07699-1536x2048.jpg 1536w, https:\/\/stadtkirche-geretsried.de\/stadtkirche\/wp-content\/uploads\/2022\/07\/DSC07699-scaled.jpg 1920w\" sizes=\"auto, (max-width: 644px) 100vw, 644px\" \/><\/figure><div class=\"wp-block-media-text__content\">\n<p class=\"has-small-font-size\" style=\"margin-top:var(--wp--preset--spacing--30);margin-bottom:var(--wp--preset--spacing--30)\">Frau Katharina Lorenz<br>Pfarrsekret\u00e4rin Maria Hilf<br>Tel. 08171 31596<br><a href=\"mailto:maria-hilf.geretsried@ebmuc.de\" target=\"_blank\" rel=\"noreferrer noopener\">maria-hilf.geretsried@ebmuc.de<\/a><\/p>\n<\/div><\/div>\n<\/div>\n\n\n\n<div class=\"wp-block-column is-layout-flow wp-block-column-is-layout-flow\">\n<div class=\"wp-block-media-text alignwide\" style=\"grid-template-columns:19% auto\"><figure class=\"wp-block-media-text__media\"><img loading=\"lazy\" decoding=\"async\" width=\"644\" height=\"859\" src=\"https:\/\/stadtkirche-geretsried.de\/stadtkirche\/wp-content\/uploads\/2023\/05\/pomian-644x859.jpg\" alt=\"\" class=\"wp-image-2482 size-full\" srcset=\"https:\/\/stadtkirche-geretsried.de\/stadtkirche\/wp-content\/uploads\/2023\/05\/pomian-644x859.jpg 644w, https:\/\/stadtkirche-geretsried.de\/stadtkirche\/wp-content\/uploads\/2023\/05\/pomian-225x300.jpg 225w, https:\/\/stadtkirche-geretsried.de\/stadtkirche\/wp-content\/uploads\/2023\/05\/pomian-300x400.jpg 300w, https:\/\/stadtkirche-geretsried.de\/stadtkirche\/wp-content\/uploads\/2023\/05\/pomian.jpg 768w\" sizes=\"auto, (max-width: 644px) 100vw, 644px\" \/><\/figure><div class=\"wp-block-media-text__content\">\n<p class=\"has-small-font-size\" style=\"margin-top:var(--wp--preset--spacing--30);margin-bottom:var(--wp--preset--spacing--30)\">Frau Dorit Pomian<br>Pfarrsekret\u00e4rin Maria Hilf<br>Tel. 08171 31596<br><a href=\"mailto:maria-hilf.geretsried@ebmuc.de\" target=\"_blank\" rel=\"noreferrer noopener\">maria-hilf.geretsried@ebmuc.de<\/a><\/p>\n<\/div><\/div>\n<\/div>\n<\/div>\n\n\n\n<p><\/p>\n\n\n\n<div class=\"wp-block-columns is-layout-flex wp-container-core-columns-is-layout-28f84493 wp-block-columns-is-layout-flex\">\n<div class=\"wp-block-column is-layout-flow wp-block-column-is-layout-flow\">\n<div class=\"wp-block-media-text alignwide\" style=\"grid-template-columns:19% auto\"><figure class=\"wp-block-media-text__media\"><img loading=\"lazy\" decoding=\"async\" width=\"393\" height=\"452\" src=\"https:\/\/stadtkirche-geretsried.de\/stadtkirche\/wp-content\/uploads\/2024\/12\/Siglinde-Schneider.jpg\" alt=\"\" class=\"wp-image-3893 size-full\" srcset=\"https:\/\/stadtkirche-geretsried.de\/stadtkirche\/wp-content\/uploads\/2024\/12\/Siglinde-Schneider.jpg 393w, https:\/\/stadtkirche-geretsried.de\/stadtkirche\/wp-content\/uploads\/2024\/12\/Siglinde-Schneider-261x300.jpg 261w\" sizes=\"auto, (max-width: 393px) 100vw, 393px\" \/><\/figure><div class=\"wp-block-media-text__content\">\n<p class=\"has-small-font-size\" style=\"margin-top:var(--wp--preset--spacing--30);margin-bottom:var(--wp--preset--spacing--30)\">Frau Sieglinde Schneider<br>Pfarrsekret\u00e4rin Hl. Familie<br>Tel. 08171 98280<br><a href=\"mailto:SSchneider@ebmuc.de\">SSchneider@ebmuc.de<\/a><\/p>\n<\/div><\/div>\n<\/div>\n\n\n\n<div class=\"wp-block-column is-layout-flow wp-block-column-is-layout-flow\">\n<div class=\"wp-block-media-text alignwide\" style=\"grid-template-columns:19% auto\"><figure class=\"wp-block-media-text__media\"><img loading=\"lazy\" decoding=\"async\" width=\"225\" height=\"300\" src=\"https:\/\/stadtkirche-geretsried.de\/stadtkirche\/wp-content\/uploads\/2021\/11\/DSC03070.jpg\" alt=\"\" class=\"wp-image-1375 size-full\"\/><\/figure><div class=\"wp-block-media-text__content\">\n<p class=\"has-small-font-size\" style=\"margin-top:var(--wp--preset--spacing--30);margin-bottom:var(--wp--preset--spacing--30)\">Frau Sabine Sch\u00f6binger<br>Diplom-A-Kirchenmusikerin. Diplom-Musiklehrerin f\u00fcr Orgel und Rhythmisch-musikalische <br>Erziehung. <br>MA Elementare Musik- und Bewegungsp\u00e4dagogik<br><a href=\"https:\/\/stadtkirche-geretsried.de\/stadtkirche\/wp-admin\/sschoebinger@ebmuc.de\">SSchoebinger<\/a><a href=\"https:\/\/stadtkirche-geretsried.de\/stadtkirche\/wp-admin\/schoebinger@ebmuc.de\">@ebmuc.de<\/a><\/p>\n<\/div><\/div>\n<\/div>\n<\/div>\n\n\n\n<p><\/p>\n\n\n\n<div class=\"wp-block-columns is-layout-flex wp-container-core-columns-is-layout-28f84493 wp-block-columns-is-layout-flex\">\n<div class=\"wp-block-column is-layout-flow wp-block-column-is-layout-flow\">\n<div class=\"wp-block-media-text alignwide\" style=\"grid-template-columns:19% auto\"><figure class=\"wp-block-media-text__media\"><img loading=\"lazy\" decoding=\"async\" width=\"644\" height=\"859\" src=\"https:\/\/stadtkirche-geretsried.de\/stadtkirche\/wp-content\/uploads\/2023\/05\/DSC02982-644x859.jpg\" alt=\"\" class=\"wp-image-2481 size-full\" srcset=\"https:\/\/stadtkirche-geretsried.de\/stadtkirche\/wp-content\/uploads\/2023\/05\/DSC02982-644x859.jpg 644w, https:\/\/stadtkirche-geretsried.de\/stadtkirche\/wp-content\/uploads\/2023\/05\/DSC02982-225x300.jpg 225w, https:\/\/stadtkirche-geretsried.de\/stadtkirche\/wp-content\/uploads\/2023\/05\/DSC02982-768x1024.jpg 768w, https:\/\/stadtkirche-geretsried.de\/stadtkirche\/wp-content\/uploads\/2023\/05\/DSC02982-300x400.jpg 300w, https:\/\/stadtkirche-geretsried.de\/stadtkirche\/wp-content\/uploads\/2023\/05\/DSC02982-1152x1536.jpg 1152w, https:\/\/stadtkirche-geretsried.de\/stadtkirche\/wp-content\/uploads\/2023\/05\/DSC02982-1536x2048.jpg 1536w, https:\/\/stadtkirche-geretsried.de\/stadtkirche\/wp-content\/uploads\/2023\/05\/DSC02982-scaled.jpg 1920w\" sizes=\"auto, (max-width: 644px) 100vw, 644px\" \/><\/figure><div class=\"wp-block-media-text__content\">\n<p class=\"has-small-font-size\" style=\"margin-top:var(--wp--preset--spacing--30);margin-bottom:var(--wp--preset--spacing--30)\">Herr Siegmund Wodniok<br>Mesner und Hausmeister<br>Maria Hilf<br>Tel. 08171 31596<br><a href=\"mailto:SWodniok@ebmuc.de\">SWodniok@ebmuc.de<\/a><\/p>\n<\/div><\/div>\n\n\n\n<p><\/p>\n<\/div>\n\n\n\n<div class=\"wp-block-column is-layout-flow wp-block-column-is-layout-flow\"><\/div>\n<\/div>\n\n\n\n<p><\/p>\n","protected":false},"excerpt":{"rendered":"<p>Frau Hedwig SestoVerwaltungsleiterinHSesto@ebmuc.deTel. 08171 98280 Frau Claudia BaderVerwaltungsleitungKita Heilige Familieclbader@ebmuc.de Frau Martina AltenburgerReinigungskraft Maria Hilf und Hl. FamilieTel. 08171 31596<\/p>\n","protected":false},"author":1,"featured_media":0,"parent":0,"menu_order":0,"comment_status":"closed","ping_status":"closed","template":"","meta":{"colormag_page_container_layout":"default_layout","colormag_page_sidebar_layout":"default_layout","footnotes":""},"class_list":["post-43","page","type-page","status-publish","hentry"],"_links":{"self":[{"href":"https:\/\/stadtkirche-geretsried.de\/stadtkirche\/wp-json\/wp\/v2\/pages\/43","targetHints":{"allow":["GET"]}}],"collection":[{"href":"https:\/\/stadtkirche-geretsried.de\/stadtkirche\/wp-json\/wp\/v2\/pages"}],"about":[{"href":"https:\/\/stadtkirche-geretsried.de\/stadtkirche\/wp-json\/wp\/v2\/types\/page"}],"author":[{"embeddable":true,"href":"https:\/\/stadtkirche-geretsried.de\/stadtkirche\/wp-json\/wp\/v2\/users\/1"}],"replies":[{"embeddable":true,"href":"https:\/\/stadtkirche-geretsried.de\/stadtkirche\/wp-json\/wp\/v2\/comments?post=43"}],"version-history":[{"count":75,"href":"https:\/\/stadtkirche-geretsried.de\/stadtkirche\/wp-json\/wp\/v2\/pages\/43\/revisions"}],"predecessor-version":[{"id":4916,"href":"https:\/\/stadtkirche-geretsried.de\/stadtkirche\/wp-json\/wp\/v2\/pages\/43\/revisions\/4916"}],"wp:attachment":[{"href":"https:\/\/stadtkirche-geretsried.de\/stadtkirche\/wp-json\/wp\/v2\/media?parent=43"}],"curies":[{"name":"wp","href":"https:\/\/api.w.org\/{rel}","templated":true}]}}