{"id":1174,"date":"2021-11-01T17:05:57","date_gmt":"2021-11-01T16:05:57","guid":{"rendered":"http:\/\/stadtkirche-geretsried.de\/stadtkirche\/?page_id=1174"},"modified":"2025-01-07T12:13:49","modified_gmt":"2025-01-07T11:13:49","slug":"ich-mit-einem-seelsorger-reden-will","status":"publish","type":"page","link":"https:\/\/stadtkirche-geretsried.de\/stadtkirche\/ich-mit-einem-seelsorger-reden-will\/","title":{"rendered":"\u2026ich mit einem Seelsorger reden will?"},"content":{"rendered":"\n<div class=\"wp-block-media-text has-media-on-the-right is-stacked-on-mobile\" style=\"grid-template-columns:auto 18%\"><div class=\"wp-block-media-text__content\">\n<p>Dazu wenden Sie sich am besten an eines unserer Pfarrb\u00fcros. Die Seelsorger haben keine festen Sprechzeiten, Sie k\u00f6nnen aber jederzeit einen Termin vereinbaren. Wir nehmen uns gerne Zeit f\u00fcr Sie. Auf digitalem Weg k\u00f6nnen Sie unsere Seelsorger ebenfalls erreichen. Dazu finden Sie auf unserer Homepage auch Emailadressen unserer Seelsorger. Ebenso ist es m\u00f6glich, vor oder nach den Gottesdiensten einen der Seelsorger anzusprechen. F\u00fcr dringende seelsorgliche F\u00e4lle steht Ihnen unser Handy f\u00fcr Seelsorgliche Notf\u00e4lle zur Verf\u00fcgung. Sie erreichen uns unter der Nummer: 0151-29 111 425.<\/p>\n\n\n\n<p>Auch die Telefonseelsorge 0800-1110111 oder 0800-1110222 w\u00e4re ein weiterer m\u00f6glicher Ansprechpartner.<br>Diese Gespr\u00e4che sind f\u00fcr Sie kostenlos.<\/p>\n\n\n\n<p><a href=\"http:\/\/www.telefonseelsorge-muenchen-kath.de\/\">www.telefonseelsorge-muenchen-kath.de<\/a><\/p>\n<\/div><figure class=\"wp-block-media-text__media\"><img loading=\"lazy\" decoding=\"async\" width=\"320\" height=\"480\" src=\"https:\/\/stadtkirche-geretsried.de\/stadtkirche\/wp-content\/uploads\/2025\/01\/pexels-cottonbro-9588334.jpg\" alt=\"\" class=\"wp-image-3940 size-full\" srcset=\"https:\/\/stadtkirche-geretsried.de\/stadtkirche\/wp-content\/uploads\/2025\/01\/pexels-cottonbro-9588334.jpg 320w, https:\/\/stadtkirche-geretsried.de\/stadtkirche\/wp-content\/uploads\/2025\/01\/pexels-cottonbro-9588334-200x300.jpg 200w\" sizes=\"auto, (max-width: 320px) 100vw, 320px\" \/><\/figure><\/div>\n\n\n\n<hr class=\"wp-block-separator has-alpha-channel-opacity has-text-color has-background has-black-background-color has-black-color is-style-wide\" id=\"block-458a77d2-ad06-4e14-aa3c-d99cae012c95\"\/>\n\n\n\n<p id=\"block-1354d0bb-3760-4282-8fca-58c81dff0fbe\"><a href=\"https:\/\/stadtkirche-geretsried.de\/stadtkirche\/sakramente\/\">&gt;Hier&lt; finden Sie Informationen zu den Sakramenten<\/a><\/p>\n\n\n\n<hr class=\"wp-block-separator has-alpha-channel-opacity has-text-color has-background has-black-background-color has-black-color is-style-wide\" id=\"block-665c6306-ba64-4bde-ac39-4835a20dd665\"\/>\n","protected":false},"excerpt":{"rendered":"<p>Dazu wenden Sie sich am besten an eines unserer Pfarrb\u00fcros. Die Seelsorger haben keine festen Sprechzeiten, Sie k\u00f6nnen aber jederzeit<\/p>\n","protected":false},"author":1,"featured_media":0,"parent":0,"menu_order":0,"comment_status":"closed","ping_status":"closed","template":"","meta":{"colormag_page_container_layout":"default_layout","colormag_page_sidebar_layout":"default_layout","footnotes":""},"class_list":["post-1174","page","type-page","status-publish","hentry"],"_links":{"self":[{"href":"https:\/\/stadtkirche-geretsried.de\/stadtkirche\/wp-json\/wp\/v2\/pages\/1174","targetHints":{"allow":["GET"]}}],"collection":[{"href":"https:\/\/stadtkirche-geretsried.de\/stadtkirche\/wp-json\/wp\/v2\/pages"}],"about":[{"href":"https:\/\/stadtkirche-geretsried.de\/stadtkirche\/wp-json\/wp\/v2\/types\/page"}],"author":[{"embeddable":true,"href":"https:\/\/stadtkirche-geretsried.de\/stadtkirche\/wp-json\/wp\/v2\/users\/1"}],"replies":[{"embeddable":true,"href":"https:\/\/stadtkirche-geretsried.de\/stadtkirche\/wp-json\/wp\/v2\/comments?post=1174"}],"version-history":[{"count":5,"href":"https:\/\/stadtkirche-geretsried.de\/stadtkirche\/wp-json\/wp\/v2\/pages\/1174\/revisions"}],"predecessor-version":[{"id":3943,"href":"https:\/\/stadtkirche-geretsried.de\/stadtkirche\/wp-json\/wp\/v2\/pages\/1174\/revisions\/3943"}],"wp:attachment":[{"href":"https:\/\/stadtkirche-geretsried.de\/stadtkirche\/wp-json\/wp\/v2\/media?parent=1174"}],"curies":[{"name":"wp","href":"https:\/\/api.w.org\/{rel}","templated":true}]}}