{"id":970,"date":"2023-07-07T10:46:48","date_gmt":"2023-07-07T08:46:48","guid":{"rendered":"https:\/\/stadtkirche-geretsried.de\/nk\/?page_id=970"},"modified":"2025-02-16T18:00:47","modified_gmt":"2025-02-16T17:00:47","slug":"aktuelle-renovierung","status":"publish","type":"page","link":"https:\/\/stadtkirche-geretsried.de\/nk\/aktuelle-renovierung\/","title":{"rendered":"Renovierung 2024"},"content":{"rendered":"\n<p><strong>DIE SANKT NIKOLAUS-KAPELLE ERSTRAHLT<\/strong> <strong>IM NEUEN GLANZ<\/strong><\/p>\n\n\n\n<p>Nach dem Abbau des Bauger\u00fcstes bot sich vielen Autofahrern und Spazierg\u00e4ngern ein erfreulicher Anblick: Die St. Nikolaus-Kapelle pr\u00e4sentiert sich in ihrer frisch renovierten Sch\u00f6nheit.<\/p>\n\n\n\n<p>Rechtzeitig zum Patrozinium konnten die umfassenden Renovierungsarbeiten abgeschlossen werden, sodass wir am 6. Dezember 2024 einen feierlichen Gottesdienst in stimmungsvoller Atmosph\u00e4re begehen durften.<\/p>\n\n\n\n<p>Unser herzlicher Dank gilt jenen Fachfirmen, die unter der Leitung von Architekt Thurner mit h\u00f6chster Sorgfalt und handwerklicher Pr\u00e4zision gearbeitet und das Projekt termingerecht vollendet haben. Ebenso danken wir allen gro\u00dfz\u00fcgigen Spenderinnen und Spendern, die mit ihren finanziellen Beitr\u00e4gen die Renovierung erm\u00f6glicht haben.<\/p>\n\n\n\n<p>Die Gesamtkosten beliefen sich auf etwa 400.000 Euro \u2013 eine Summe, die erfreulicherweise unter der urspr\u00fcnglichen Kostensch\u00e4tzung lag.<\/p>\n\n\n\n<p>Nun hoffen wir, dass unsere St. Nikolaus-Kapelle noch viele Jahre in ihrem neuen Glanz erstrahlen wird und ein Ort der Besinnung und Begegnung bleibt.<\/p>\n\n\n\n<figure class=\"wp-block-image size-full\"><img loading=\"lazy\" decoding=\"async\" width=\"552\" height=\"813\" src=\"https:\/\/stadtkirche-geretsried.de\/nk\/wp-content\/uploads\/2025\/02\/Bilder-WIR-Ostern_bearbeitet.jpg\" alt=\"\" class=\"wp-image-1173\" srcset=\"https:\/\/stadtkirche-geretsried.de\/nk\/wp-content\/uploads\/2025\/02\/Bilder-WIR-Ostern_bearbeitet.jpg 552w, https:\/\/stadtkirche-geretsried.de\/nk\/wp-content\/uploads\/2025\/02\/Bilder-WIR-Ostern_bearbeitet-204x300.jpg 204w\" sizes=\"(max-width: 552px) 100vw, 552px\" \/><\/figure>\n\n\n\n<div data-wp-interactive=\"\" class=\"wp-block-file\"><object data-wp-bind--hidden=\"!selectors.core.file.hasPdfPreview\" hidden class=\"wp-block-file__embed\" data=\"https:\/\/stadtkirche-geretsried.de\/nk\/wp-content\/uploads\/2024\/11\/2024_11_23_Geretsrieder_Merkur.pdf\" type=\"application\/pdf\" style=\"width:100%;height:220px\" aria-label=\"Einbettung von 2024_11_23_Geretsrieder_Merkur.\"><\/object><a id=\"wp-block-file--media-9157e481-1ae5-46de-93bf-a8645420fb67\" href=\"https:\/\/stadtkirche-geretsried.de\/nk\/wp-content\/uploads\/2024\/11\/2024_11_23_Geretsrieder_Merkur.pdf\" target=\"_blank\" rel=\"noreferrer noopener\">2024_11_23_Geretsrieder_Merkur<\/a><a href=\"https:\/\/stadtkirche-geretsried.de\/nk\/wp-content\/uploads\/2024\/11\/2024_11_23_Geretsrieder_Merkur.pdf\" class=\"wp-block-file__button wp-element-button\" download aria-describedby=\"wp-block-file--media-9157e481-1ae5-46de-93bf-a8645420fb67\">Herunterladen<\/a><\/div>\n\n\n\n<div data-wp-interactive=\"\" class=\"wp-block-file\"><object data-wp-bind--hidden=\"!selectors.core.file.hasPdfPreview\" hidden class=\"wp-block-file__embed\" data=\"https:\/\/stadtkirche-geretsried.de\/nk\/wp-content\/uploads\/2024\/09\/Dokumentation_der_Renovierung_von_Mitte_Maerz_2024_bis_Mitte_August_2024.pdf\" type=\"application\/pdf\" style=\"width:100%;height:600px\" aria-label=\"Einbettung von Dokumentation_der_Renovierung_von_Mitte_Maerz_2024_bis_Mitte_August_2024.\"><\/object><a id=\"wp-block-file--media-4a387d11-ca16-4905-a110-577d5139b3f9\" href=\"https:\/\/stadtkirche-geretsried.de\/nk\/wp-content\/uploads\/2024\/09\/Dokumentation_der_Renovierung_von_Mitte_Maerz_2024_bis_Mitte_August_2024.pdf\" target=\"_blank\" rel=\"noreferrer noopener\">Dokumentation_der_Renovierung_von_Mitte_Maerz_2024_bis_Mitte_August_2024<\/a><a href=\"https:\/\/stadtkirche-geretsried.de\/nk\/wp-content\/uploads\/2024\/09\/Dokumentation_der_Renovierung_von_Mitte_Maerz_2024_bis_Mitte_August_2024.pdf\" class=\"wp-block-file__button wp-element-button\" download aria-describedby=\"wp-block-file--media-4a387d11-ca16-4905-a110-577d5139b3f9\">Herunterladen<\/a><\/div>\n\n\n\n<div style=\"height:41px\" aria-hidden=\"true\" class=\"wp-block-spacer\"><\/div>\n\n\n\n<p class=\"has-text-align-center\"><strong>Mai 2024<\/strong><\/p>\n\n\n\n<figure class=\"wp-block-gallery has-nested-images columns-default is-cropped wp-block-gallery-1 is-layout-flex wp-block-gallery-is-layout-flex\">\n<figure class=\"wp-block-image size-large\"><img loading=\"lazy\" decoding=\"async\" width=\"548\" height=\"730\" data-id=\"1095\" src=\"https:\/\/stadtkirche-geretsried.de\/nk\/wp-content\/uploads\/2024\/05\/20240325_155739.jpg\" alt=\"\" class=\"wp-image-1095\" srcset=\"https:\/\/stadtkirche-geretsried.de\/nk\/wp-content\/uploads\/2024\/05\/20240325_155739.jpg 548w, https:\/\/stadtkirche-geretsried.de\/nk\/wp-content\/uploads\/2024\/05\/20240325_155739-225x300.jpg 225w\" sizes=\"(max-width: 548px) 100vw, 548px\" \/><figcaption class=\"wp-element-caption\">einger\u00fcstete Kapelle<\/figcaption><\/figure>\n\n\n\n<figure class=\"wp-block-image size-large\"><img loading=\"lazy\" decoding=\"async\" width=\"548\" height=\"730\" data-id=\"1097\" src=\"https:\/\/stadtkirche-geretsried.de\/nk\/wp-content\/uploads\/2024\/05\/20240512_175524.jpg\" alt=\"\" class=\"wp-image-1097\" srcset=\"https:\/\/stadtkirche-geretsried.de\/nk\/wp-content\/uploads\/2024\/05\/20240512_175524.jpg 548w, https:\/\/stadtkirche-geretsried.de\/nk\/wp-content\/uploads\/2024\/05\/20240512_175524-225x300.jpg 225w\" sizes=\"(max-width: 548px) 100vw, 548px\" \/><figcaption class=\"wp-element-caption\">Ger\u00fcst mit Bauh\u00fctte<\/figcaption><\/figure>\n\n\n\n<figure class=\"wp-block-image size-large\"><img loading=\"lazy\" decoding=\"async\" width=\"730\" height=\"548\" data-id=\"1099\" src=\"https:\/\/stadtkirche-geretsried.de\/nk\/wp-content\/uploads\/2024\/05\/20240512_175851.jpg\" alt=\"\" class=\"wp-image-1099\" srcset=\"https:\/\/stadtkirche-geretsried.de\/nk\/wp-content\/uploads\/2024\/05\/20240512_175851.jpg 730w, https:\/\/stadtkirche-geretsried.de\/nk\/wp-content\/uploads\/2024\/05\/20240512_175851-300x225.jpg 300w, https:\/\/stadtkirche-geretsried.de\/nk\/wp-content\/uploads\/2024\/05\/20240512_175851-624x468.jpg 624w\" sizes=\"(max-width: 730px) 100vw, 730px\" \/><figcaption class=\"wp-element-caption\">Baustelle mit Autokran<\/figcaption><\/figure>\n\n\n\n<figure class=\"wp-block-image size-large\"><img loading=\"lazy\" decoding=\"async\" width=\"548\" height=\"730\" data-id=\"1094\" src=\"https:\/\/stadtkirche-geretsried.de\/nk\/wp-content\/uploads\/2024\/05\/20240512_175805.jpg\" alt=\"\" class=\"wp-image-1094\" srcset=\"https:\/\/stadtkirche-geretsried.de\/nk\/wp-content\/uploads\/2024\/05\/20240512_175805.jpg 548w, https:\/\/stadtkirche-geretsried.de\/nk\/wp-content\/uploads\/2024\/05\/20240512_175805-225x300.jpg 225w\" sizes=\"(max-width: 548px) 100vw, 548px\" \/><figcaption class=\"wp-element-caption\">Vom Holzwurm befallenes Holz<\/figcaption><\/figure>\n\n\n\n<figure class=\"wp-block-image size-large\"><img loading=\"lazy\" decoding=\"async\" width=\"548\" height=\"730\" data-id=\"1096\" src=\"https:\/\/stadtkirche-geretsried.de\/nk\/wp-content\/uploads\/2024\/05\/20240512_175813.jpg\" alt=\"\" class=\"wp-image-1096\" srcset=\"https:\/\/stadtkirche-geretsried.de\/nk\/wp-content\/uploads\/2024\/05\/20240512_175813.jpg 548w, https:\/\/stadtkirche-geretsried.de\/nk\/wp-content\/uploads\/2024\/05\/20240512_175813-225x300.jpg 225w\" sizes=\"(max-width: 548px) 100vw, 548px\" \/><figcaption class=\"wp-element-caption\">Reste vom Dach<\/figcaption><\/figure>\n<\/figure>\n\n\n\n<hr class=\"wp-block-separator has-text-color has-dark-gray-color has-alpha-channel-opacity has-dark-gray-background-color has-background is-style-wide\"\/>\n\n\n\n<p class=\"has-text-align-center\"><strong>M\u00e4rz 2024<\/strong><\/p>\n\n\n\n<figure class=\"wp-block-gallery has-nested-images columns-default is-cropped wp-block-gallery-2 is-layout-flex wp-block-gallery-is-layout-flex\">\n<figure class=\"wp-block-image size-full\"><a href=\"https:\/\/stadtkirche-geretsried.de\/nk\/wp-content\/uploads\/2024\/03\/20240321_140956-1.jpg\" target=\"_blank\" rel=\"noopener\"><img loading=\"lazy\" decoding=\"async\" width=\"475\" height=\"843\" data-id=\"1068\" src=\"https:\/\/stadtkirche-geretsried.de\/nk\/wp-content\/uploads\/2024\/03\/20240321_140956-1.jpg\" alt=\"\" class=\"wp-image-1068\" srcset=\"https:\/\/stadtkirche-geretsried.de\/nk\/wp-content\/uploads\/2024\/03\/20240321_140956-1.jpg 475w, https:\/\/stadtkirche-geretsried.de\/nk\/wp-content\/uploads\/2024\/03\/20240321_140956-1-169x300.jpg 169w\" sizes=\"(max-width: 475px) 100vw, 475px\" \/><\/a><\/figure>\n\n\n\n<figure class=\"wp-block-image size-full\"><a href=\"https:\/\/stadtkirche-geretsried.de\/nk\/wp-content\/uploads\/2024\/03\/20240321_141407-1.jpg\" target=\"_blank\" rel=\"noopener\"><img loading=\"lazy\" decoding=\"async\" width=\"843\" height=\"475\" data-id=\"1069\" src=\"https:\/\/stadtkirche-geretsried.de\/nk\/wp-content\/uploads\/2024\/03\/20240321_141407-1.jpg\" alt=\"\" class=\"wp-image-1069\" srcset=\"https:\/\/stadtkirche-geretsried.de\/nk\/wp-content\/uploads\/2024\/03\/20240321_141407-1.jpg 843w, https:\/\/stadtkirche-geretsried.de\/nk\/wp-content\/uploads\/2024\/03\/20240321_141407-1-300x169.jpg 300w, https:\/\/stadtkirche-geretsried.de\/nk\/wp-content\/uploads\/2024\/03\/20240321_141407-1-768x433.jpg 768w, https:\/\/stadtkirche-geretsried.de\/nk\/wp-content\/uploads\/2024\/03\/20240321_141407-1-624x352.jpg 624w\" sizes=\"(max-width: 843px) 100vw, 843px\" \/><\/a><\/figure>\n\n\n\n<figure class=\"wp-block-image size-full\"><a href=\"https:\/\/stadtkirche-geretsried.de\/nk\/wp-content\/uploads\/2024\/03\/PXL_20240321_131022814-1.jpg\" target=\"_blank\" rel=\"noopener\"><img loading=\"lazy\" decoding=\"async\" width=\"548\" height=\"730\" data-id=\"1067\" src=\"https:\/\/stadtkirche-geretsried.de\/nk\/wp-content\/uploads\/2024\/03\/PXL_20240321_131022814-1.jpg\" alt=\"\" class=\"wp-image-1067\" srcset=\"https:\/\/stadtkirche-geretsried.de\/nk\/wp-content\/uploads\/2024\/03\/PXL_20240321_131022814-1.jpg 548w, https:\/\/stadtkirche-geretsried.de\/nk\/wp-content\/uploads\/2024\/03\/PXL_20240321_131022814-1-225x300.jpg 225w\" sizes=\"(max-width: 548px) 100vw, 548px\" \/><\/a><\/figure>\n<\/figure>\n\n\n\n<p class=\"has-text-align-center\">Detailbilder von den Schindeln und das Ger\u00fcst wird aufgestellt.<\/p>\n\n\n\n<hr class=\"wp-block-separator has-text-color has-dark-gray-color has-alpha-channel-opacity has-dark-gray-background-color has-background is-style-wide\"\/>\n\n\n\n<p class=\"has-text-align-center\"><strong>2023 &#8211; St. Nikolauskapelle Geretsried ist eingeh\u00fcllt\u2026<\/strong><\/p>\n\n\n\n<div class=\"wp-block-media-text alignwide has-media-on-the-right is-stacked-on-mobile\"><div class=\"wp-block-media-text__content\">\n<p>Endlich lassen es die Au\u00dfen-temparaturen zu, den Holzwurm in der St. Nikolauskapelle durch eine Begasung wirksam zu bek\u00e4mpfen. Diese Ma\u00dfnahme ist vor der eigentlichen Renovierung der Kapelle dringend erforderlich und kann nur bei Au\u00dfentemperaturen \u00fcber mehrere Tage von mindestens 15 Grad durchgef\u00fchrt werden.<\/p>\n<\/div><figure class=\"wp-block-media-text__media\"><img loading=\"lazy\" decoding=\"async\" width=\"913\" height=\"1024\" src=\"https:\/\/stadtkirche-geretsried.de\/nk\/wp-content\/uploads\/2023\/07\/Bild_Begasung_NK-913x1024.jpg\" alt=\"\" class=\"wp-image-973 size-full\" srcset=\"https:\/\/stadtkirche-geretsried.de\/nk\/wp-content\/uploads\/2023\/07\/Bild_Begasung_NK-913x1024.jpg 913w, https:\/\/stadtkirche-geretsried.de\/nk\/wp-content\/uploads\/2023\/07\/Bild_Begasung_NK-267x300.jpg 267w, https:\/\/stadtkirche-geretsried.de\/nk\/wp-content\/uploads\/2023\/07\/Bild_Begasung_NK-768x861.jpg 768w, https:\/\/stadtkirche-geretsried.de\/nk\/wp-content\/uploads\/2023\/07\/Bild_Begasung_NK-1369x1536.jpg 1369w, https:\/\/stadtkirche-geretsried.de\/nk\/wp-content\/uploads\/2023\/07\/Bild_Begasung_NK-1826x2048.jpg 1826w, https:\/\/stadtkirche-geretsried.de\/nk\/wp-content\/uploads\/2023\/07\/Bild_Begasung_NK-624x700.jpg 624w\" sizes=\"(max-width: 913px) 100vw, 913px\" \/><\/figure><\/div>\n\n\n\n<p><strong>Kurz-Information \u00fcber Kapellenbegasung:<\/strong><\/p>\n\n\n\n<p><strong>Holzwurm im Altar, Holzwurm in der Orgel, Holzwurm in der Kanzel, Holzwurm in der Kirche, Holzwurm in M\u00f6beln, Holzwurm in der Sakristei, Hausbock im Dach oder Dachstuhl, Hausbockbefall im Kirchturm<\/strong><\/p>\n\n\n\n<p>Wertvolle Kunstgegenst\u00e4nde und unwiederbringliches Kulturgut wird durch eine Begasung gesch\u00fctzt.!<\/p>\n\n\n\n<p>Praktischer Denkmalschutz durch Begasung! Ohne Korrosionssch\u00e4den! Ohne giftige R\u00fcckst\u00e4nde!<\/p>\n\n\n\n<p>Viele Kirchenausstattungen, wie Alt\u00e4re, Kanzeln, Orgeln, Gest\u00fchle, Epitaphe etc., und Kirchendachst\u00fchle, Kircht\u00fcrme, Sakristeien, Vorzeichen, Leichenh\u00e4user usw. sind von Nagek\u00e4fern befallen. In Tschechien, \u00d6sterreich und Deutschland ist es vor allem der Gew\u00f6hnliche Nagek\u00e4fer, der hier sein Unwesen treibt und die klerikalen Kunstg\u00fcter massiv zerst\u00f6rt.<\/p>\n\n\n\n<p>Hierbei wird die gesamte Kirche mit Spezialzeltplanen komplett oder teilweise eingehaust und dann begast. Eine umfassende Holzwurm-Beseitigung ist so gew\u00e4hrleistet, denn das Bek\u00e4mpfungsgas verteilt sich unter der Zeltplane gleichm\u00e4\u00dfig und dringt in alle Holzteile der Kirche ein.<\/p>\n\n\n\n<p>Die ausreichende Abdichtung ist die Voraussetzung, um eine intensive Begasung, vollst\u00e4ndige Eindringtiefe und hohe Gasdichtigkeit zu garantieren. Die Dichtigkeit wird mittels eines Dichtigkeitstests (Sp\u00fcrgastest, Drucktest) vor der Eingasung objektiv \u00fcberpr\u00fcft.<\/p>\n\n\n\n<p>Zur \u00dcberpr\u00fcfung der 100%igen Wirksamkeit der Begasung werden Testinsekten in genormten Holzkl\u00f6tzen in der zu begasenden Kirche ausgelegt, mitbegast und von einem anerkannten Holzinstitut nach der Begasung auf 100%ige Abt\u00f6tung ausgewertet. Am Verfahrensende werden der begaste Raum, die begaste Kirche, das begaste Geb\u00e4ude bzw. alle begasten Bereiche mit Ventilatoren und mobilen Abluftanlagen r\u00fcckstandsfrei abgesaugt.<\/p>\n\n\n\n<p>Die Begasung der St. Nikolauskapelle wird durch die Fa. Blinker Materialschutz GmbH aus Lauf an der Pegnitz durchgef\u00fchrt.<\/p>\n\n\n\n<p>Das angewandte Verfahren zur Beseitigung der Holzw\u00fcrmer mit Sulfurylchlorid ist auf der Home-Page der Firma&nbsp; &#8222;Binker, Materialschutz&#8220; sehr eingehend beschrieben, auch&nbsp; mit zahlreichen Fotos von fr\u00fcheren Aktionen in verschiedenen Kirchen.<\/p>\n\n\n\n<p>Die Begasung erfolgt nach der kompletten Einhausung der Kapelle am Donnerstag den 29. Juni 2023 und endet am Mittwoch den 5. Juli. Die Kapelle kann w\u00e4hrend der Begasung nicht betreten werden. Die Freigabe der Kapelle erfolgt dann Tag darauf am Donnerstag durch den Projektleiter der Fa. Blinker.<\/p>\n\n\n\n<p>F\u00fcr R\u00fcckfragen: Josef Urso, Kirchenpfleger Maria Hilf Geretsried<\/p>\n\n\n\n<p>Mobil: 0162 7447618<\/p>\n","protected":false},"excerpt":{"rendered":"<p>DIE SANKT NIKOLAUS-KAPELLE ERSTRAHLT IM NEUEN GLANZ Nach dem Abbau des Bauger\u00fcstes bot sich vielen Autofahrern und Spazierg\u00e4ngern ein erfreulicher Anblick: Die St. Nikolaus-Kapelle pr\u00e4sentiert sich in ihrer frisch renovierten Sch\u00f6nheit. Rechtzeitig zum Patrozinium konnten die umfassenden Renovierungsarbeiten abgeschlossen werden, sodass wir am 6. Dezember 2024 einen feierlichen Gottesdienst in stimmungsvoller Atmosph\u00e4re begehen durften. Unser [&hellip;]<\/p>\n","protected":false},"author":1,"featured_media":0,"parent":0,"menu_order":0,"comment_status":"closed","ping_status":"closed","template":"","meta":{"footnotes":""},"_links":{"self":[{"href":"https:\/\/stadtkirche-geretsried.de\/nk\/wp-json\/wp\/v2\/pages\/970"}],"collection":[{"href":"https:\/\/stadtkirche-geretsried.de\/nk\/wp-json\/wp\/v2\/pages"}],"about":[{"href":"https:\/\/stadtkirche-geretsried.de\/nk\/wp-json\/wp\/v2\/types\/page"}],"author":[{"embeddable":true,"href":"https:\/\/stadtkirche-geretsried.de\/nk\/wp-json\/wp\/v2\/users\/1"}],"replies":[{"embeddable":true,"href":"https:\/\/stadtkirche-geretsried.de\/nk\/wp-json\/wp\/v2\/comments?post=970"}],"version-history":[{"count":5,"href":"https:\/\/stadtkirche-geretsried.de\/nk\/wp-json\/wp\/v2\/pages\/970\/revisions"}],"predecessor-version":[{"id":1178,"href":"https:\/\/stadtkirche-geretsried.de\/nk\/wp-json\/wp\/v2\/pages\/970\/revisions\/1178"}],"wp:attachment":[{"href":"https:\/\/stadtkirche-geretsried.de\/nk\/wp-json\/wp\/v2\/media?parent=970"}],"curies":[{"name":"wp","href":"https:\/\/api.w.org\/{rel}","templated":true}]}}