{"id":337,"date":"2020-06-22T12:14:27","date_gmt":"2020-06-22T10:14:27","guid":{"rendered":"https:\/\/stadtkirche-geretsried.de\/nk\/?page_id=337"},"modified":"2020-06-22T12:28:15","modified_gmt":"2020-06-22T10:28:15","slug":"datenschutzerklaerung","status":"publish","type":"page","link":"https:\/\/stadtkirche-geretsried.de\/nk\/datenschutzerklaerung\/","title":{"rendered":"Datenschutzerkl\u00e4rung"},"content":{"rendered":"<ul class=\"wp-block-latest-posts__list wp-block-latest-posts\"><li><a class=\"wp-block-latest-posts__post-title\" href=\"https:\/\/stadtkirche-geretsried.de\/nk\/datenschutzerklaerung\/\">Datenschutzerkl\u00e4rung<\/a><div class=\"wp-block-latest-posts__post-full-content\"><!-- wp:paragraph -->\n<p>Wir \u00a0freuen wir uns \u00fcber Ihren Besuch auf unserer Webseite und \u00fcber Ihr Interesse an unserem Verein. Der Schutz Ihrer pers\u00f6nlichen Daten ist uns ein ernstes Anliegen. Es gelten f\u00fcr die Erhebung, Verarbeitung und Nutzung personenbezogener Daten die Bestimmungen des Gesetzes (DVSGO). Mit dieser Datenschutzerkl\u00e4rung m\u00f6chten wir Sie \u00fcber die Art, den Umfang und Zweck der Erhebung und Verwendung personenbezogener Daten auf dieser Website informieren.<\/p>\n<!-- \/wp:paragraph -->\n\n<!-- wp:paragraph {\"fontSize\":\"normal\"} -->\n<p class=\"has-normal-font-size\"><strong>1. Hinweis im Sinne des Gleichbehandlungsgesetzes<\/strong><\/p>\n<!-- \/wp:paragraph -->\n\n<!-- wp:paragraph -->\n<p>Aus Gr\u00fcnden der leichteren Lesbarkeit wird auf eine geschlechterspezifische Differenzierung verzichtet. Entsprechende Begriffe gelten im Sinne der Gleichbehandlung f\u00fcr beide Geschlechter.<\/p>\n<!-- \/wp:paragraph -->\n\n<!-- wp:paragraph {\"fontSize\":\"normal\"} -->\n<p class=\"has-normal-font-size\"><strong>2. Nutzungsbedingungen<\/strong><\/p>\n<!-- \/wp:paragraph -->\n\n<!-- wp:paragraph -->\n<p>Texte, Bilder, Grafiken sowie die Gestaltung dieser Internetseiten k\u00f6nnen unter Umst\u00e4nden dem Urheberrecht unterliegen. Nicht urheberrechtlich gesch\u00fctzt sind allerdings nach \u00a7 5 des Urheberrechtsgesetz (UrhG)<\/p>\n<!-- \/wp:paragraph -->\n\n<!-- wp:list -->\n<ul><li>Gesetze, Verordnungen, amtliche Erlasse und Bekanntmachungen sowie Entscheidungen und amtlich verfasste Leits\u00e4tze zu Entscheidungen und<br><\/li><li>andere amtliche Werke, die im amtlichen Interesse zur allgemeinen Kenntnisnahme ver\u00f6ffentlicht worden sind, mit der Einschr\u00e4nkung, dass die Bestimmungen \u00fcber \u00c4nderungsverbot und Quellenangabe in \u00a7 62 Abs. 1 bis 3 und \u00a7 63 Abs. 1 und 2 UrhG entsprechend anzuwenden sind.<br><\/li><\/ul>\n<!-- \/wp:list -->\n\n<!-- wp:paragraph -->\n<p>Privatpersonen d\u00fcrfen grunds\u00e4tzlich urheberrechtlich gesch\u00fctztes Material zum privaten und sonstigen eigenen Gebrauch im Rahmen des \u00a7 53 UrhG verwenden. Eine Vervielf\u00e4ltigung oder Verwendung urheberrechtlich gesch\u00fctzten Materials dieser Seiten oder Teilen davon in anderen elektronischen oder gedruckten Publikationen und deren Ver\u00f6ffentlichung ist aber nur mit Einwilligung des Webseitenbetreibers gestattet. Der Nachdruck und die Auswertung sind allgemein gestattet, sofern die Quelle bezeichnet wird.Texte, Bilder, Grafiken und sonstige Dateien k\u00f6nnen daneben ganz oder teilweise dem Urheberrecht Dritter unterliegen. \u00dcber das Bestehen m\u00f6glicher Rechte Dritter gibt der f\u00fcr den Inhalt Verantwortliche n\u00e4here Ausk\u00fcnfte, sofern diese Rechte nicht bereits durch entsprechende Hinweise auf der Webseite kenntlich gemacht sind.<\/p>\n<!-- \/wp:paragraph -->\n\n<!-- wp:paragraph {\"fontSize\":\"normal\"} -->\n<p class=\"has-normal-font-size\"><strong>3. Haftungsausschluss und \u2013beschr\u00e4nkung<\/strong><\/p>\n<!-- \/wp:paragraph -->\n\n<!-- wp:paragraph -->\n<p>Die Interessengemeinschaft hat alle in diesem Internetangebot bereitgestellten Informationen nach bestem Wissen und Gewissen erarbeitet und gepr\u00fcft. Es wird jedoch keine Gew\u00e4hr f\u00fcr die Aktualit\u00e4t, Richtigkeit, Vollst\u00e4ndigkeit oder Qualit\u00e4t und jederzeitige Verf\u00fcgbarkeit der bereit gestellten Informationen \u00fcbernommen.<\/p>\n<!-- \/wp:paragraph -->\n\n<!-- wp:paragraph -->\n<p>Unbeschadet der Regelungen des \u00a7 675 Absatz 2 BGB gilt f\u00fcr das bereitgestellte Informationsangebot folgende<\/p>\n<!-- \/wp:paragraph -->\n\n<!-- wp:paragraph {\"fontSize\":\"normal\"} -->\n<p class=\"has-normal-font-size\"><strong>Haftungsbeschr\u00e4nkung:<\/strong><\/p>\n<!-- \/wp:paragraph -->\n\n<!-- wp:paragraph -->\n<p>Die Interessengemeinschaft\u00a0 und ihre Mitglieder haften nicht f\u00fcr Sch\u00e4den, die durch die Nutzung oder Nichtnutzung der in ihrem Internetangebot enthaltenen Informationen entstehen. Der Haftungsausschluss gilt nicht, soweit die Vorschrift des \u00a7 823 BGB (Haftung bei vors\u00e4tzlicher oder fahrl\u00e4ssiger Schadenszuf\u00fcgung) einschl\u00e4gig ist. F\u00fcr etwaige Sch\u00e4den, die beim Aufrufen oder Herunterladen von Daten durch Computerviren oder bei der Installation oder Nutzung von Software verursacht werden, wird nicht gehaftet. Namentlich gekennzeichnete Seiten geben die Auffassungen und Erkenntnisse der unterzeichnende Personen wieder. Die Stiftung beh\u00e4lt es sich ausdr\u00fccklich vor, einzelne Webseiten oder das gesamte Angebot ohne gesonderte Ank\u00fcndigung zu ver\u00e4ndern, zu erg\u00e4nzen, zu l\u00f6schen oder die Ver\u00f6ffentlichung zeitweise oder endg\u00fcltig einzustellen.<\/p>\n<!-- \/wp:paragraph -->\n\n<!-- wp:paragraph {\"fontSize\":\"normal\"} -->\n<p class=\"has-normal-font-size\"><strong>Haftungsausschluss f\u00fcr Verweise auf andere Internetseiten<\/strong><\/p>\n<!-- \/wp:paragraph -->\n\n<!-- wp:paragraph -->\n<p>Die Interessengemeinschaft ist nur f\u00fcr die eigenen Inhalte, die es zur Nutzung bereith\u00e4lt, nach den einschl\u00e4gigen Gesetzen verantwortlich. Von diesen eigenen Inhalten sind Querverweise (Links) auf die Webseiten anderer Anbieter zu unterscheiden. Durch den als Link gekennzeichneten Querverweis wird der Zugang zu fremden Inhalten erm\u00f6glicht. Wir vermitteln lediglich den Zugang zur Nutzung dieser Inhalte durch den Querverweis. F\u00fcr die fremden Inhalte sind wir nicht verantwortlich, da wir die \u00dcbermittlung der Information nicht veranlassen, den Adressaten der \u00fcbermittelten Informationen nicht ausw\u00e4hlen und die \u00fcbermittelten Informationen auch nicht ausgew\u00e4hlt oder ver\u00e4ndert haben; es erfolgt auch keine automatische kurzzeitige Zwischenspeicherung dieser fremden Informationen.<\/p>\n<!-- \/wp:paragraph -->\n\n<!-- wp:paragraph -->\n<p>F\u00fcr illegale, fehlerhafte oder unvollst\u00e4ndige Inhalte und insbesondere f\u00fcr Sch\u00e4den, die aus der Nutzung oder Nichtnutzung von Informationen Dritter entstehen, haftet allein der jeweilige Anbieter der Seite, auf welche verwiesen wurde.<\/p>\n<!-- \/wp:paragraph -->\n\n<!-- wp:paragraph -->\n<p><strong>Verweise von fremden Internetseiten auf das Internetangebot der\u00a0Interessengemeinschaft, die auf Seiten unterhalb der Startseite verweisen (sog. \u201edeep links\u201c):\u00a0<\/strong>Gegen solche bestehen keine Einw\u00e4nde.<\/p>\n<!-- \/wp:paragraph -->\n\n<!-- wp:paragraph {\"fontSize\":\"normal\"} -->\n<p class=\"has-normal-font-size\"><strong>4. Datenschutz<\/strong><\/p>\n<!-- \/wp:paragraph -->\n\n<!-- wp:paragraph -->\n<p>Der Web-Server der Interessengemeinschaft wird von STRATO AG betrieben. Bei jeder Anforderung einer Internetdatei werden folgende Zugriffsdaten gespeichert:<\/p>\n<!-- \/wp:paragraph -->\n\n<!-- wp:list -->\n<ul><li>die Seite, von der aus die Datei angefordert wurde und der Name der aufgerufenen Datei<\/li><li>das Datum und die Uhrzeit der Anforderung<\/li><li>die \u00fcbertragene Datenmenge<\/li><li>der Zugriffsstatus (Datei \u00fcbertragen, Datei nicht gefunden, etc.)<\/li><li>die Beschreibung des verwendeten Webbrowsertyps bzw. des verwendeten Betriebssystems<\/li><li>die IP-Adresse des anfordernden Rechners<\/li><\/ul>\n<!-- \/wp:list -->\n\n<!-- wp:paragraph -->\n<p>Die gespeicherten Daten werden ausschlie\u00dflich anonymisiert zu technischen oder statistischen Zwecken verwendet; ein Abgleich mit anderen Datenbest\u00e4nden oder eine Weitergabe an Dritte, auch in Ausz\u00fcgen, findet nicht statt.<\/p>\n<!-- \/wp:paragraph -->\n\n<!-- wp:paragraph {\"fontSize\":\"normal\"} -->\n<p class=\"has-normal-font-size\"><strong>5. Cookies<\/strong><\/p>\n<!-- \/wp:paragraph -->\n\n<!-- wp:paragraph -->\n<p>Im Informationsangebot der Interessengemeinschaft k\u00f6nnen Cookies (kleine Dateien) verwendet werden. Die meisten Browser sind so eingestellt, dass sie die Verwendung von Cookies akzeptieren, diese Funktion kann aber durch die Einstellung des Internetbrowsers von Ihnen f\u00fcr die laufende Sitzung oder dauerhaft abgeschaltet werden. Sie k\u00f6nnen Ihren Internetbrowser so einstellen, dass dieser entweder alle Cookies automatisch akzeptiert, alle Cookies automatisch ablehnt oder Sie bei jedem Cookie fragt, ob Sie es akzeptieren oder ablehnen m\u00f6chten. Nach Auswertung der j\u00e4hrlichen Zugriffe werden die protokollierten Daten gel\u00f6scht. Die Auswertung erfolgt monatlich und j\u00e4hrlich, die L\u00f6schung erfolgt jeweils im Januar des Folgejahres. Auswertung und L\u00f6schung erfolgen durch die Interessengemeinschaft.<\/p>\n<!-- \/wp:paragraph -->\n\n<!-- wp:paragraph {\"fontSize\":\"normal\"} -->\n<p class=\"has-normal-font-size\"><strong>6. Eingabe pers\u00f6nlicher Daten<\/strong><\/p>\n<!-- \/wp:paragraph -->\n\n<!-- wp:paragraph -->\n<p>F\u00fcr die Nutzung unserer Website ist es grunds\u00e4tzlich nicht erforderlich, dass Sie uns personenbezogene Daten mitteilen, es sei denn, Sie m\u00f6chten bestimmte Angebote von uns wie z. B. das Abonnement unseres Newsletters In diesem Fall ist es erforderlich, dass Sie bestimmte Daten angeben.<\/p>\n<!-- \/wp:paragraph -->\n\n<!-- wp:paragraph {\"fontSize\":\"normal\"} -->\n<p class=\"has-normal-font-size\"><strong>7. Erhebung personenbezogener Daten<\/strong><\/p>\n<!-- \/wp:paragraph -->\n\n<!-- wp:paragraph -->\n<p>Im Angebot der Interessengemeinschaft besteht die M\u00f6glichkeit zur Eingabe pers\u00f6nlicher oder gesch\u00e4ftlicher Daten (E-Mail-Adressen, Namen, Anschriften) bei Schreiben an sie, f\u00fcr Bestellzwecke, f\u00fcr Feedbacks sowie ggf. zur Abonnierung von Newslettern und zur Teilnahme an Diskussionsforen. Die Nutzung der angebotenen Serviceleistungen und Dienste seitens des Nutzers erfolgt ausdr\u00fccklich auf freiwilliger Basis.<br>Personenbezogene Daten werden von uns nur dann erhoben, genutzt und ggfs. weitergegeben, wenn dies gesetzlich erlaubt ist.\u00a0 Auf keinen Fall werden die Daten in Gebiete au\u00dferhalb der EU transferiert. Eine gesetzliche Erlaubnis zu einer entsprechenden Verarbeitung basiert auf Art. 6 der EU-Datenschutz-Grundverordnung, weil:<\/p>\n<!-- \/wp:paragraph -->\n\n<!-- wp:list -->\n<ul><li>die betroffene Person ihre Einwilligung zu der Verarbeitung der sie betreffenden personenbezogenen Daten f\u00fcr einen oder mehrere bestimmte Zwecke gegeben hat;<\/li><li>die Verarbeitung f\u00fcr die Erf\u00fcllung eines Vertrags, dessen Vertragspartei die betroffene Person ist, oder zur Durchf\u00fchrung vorvertraglicher Ma\u00dfnahmen erforderlich ist, die auf Anfrage der betroffenen Person erfolgen;<\/li><li>die Verarbeitung zur Erf\u00fcllung einer rechtlichen Verpflichtung erforderlich ist, der der Verantwortliche unterliegt;<\/li><li>die Verarbeitung erforderlich ist, um lebenswichtige Interessen der betroffenen Person oder einer anderen nat\u00fcrlichen Person zu sch\u00fctzen;<\/li><li>die Verarbeitung f\u00fcr die Wahrnehmung einer Aufgabe erforderlich ist, die im \u00f6ffentlichen Interesse liegt oder in Aus\u00fcbung \u00f6ffentlicher Gewalt erfolgt, die dem Verantwortlichen \u00fcbertragen wurde;<\/li><li>die Verarbeitung zur Wahrung der berechtigten Interessen des Verantwortlichen oder eines Dritten erforderlich ist, sofern nicht die Interessen oder Grundrechte und Grundfreiheiten der betroffenen Person, die den Schutz personenbezogener Daten erfordern, \u00fcberwiegen, insbesondere dann, wenn es sich bei der betroffenen Person um ein Kind handelt.<\/li><\/ul>\n<!-- \/wp:list -->\n\n<!-- wp:paragraph -->\n<p>Damit kann prinzipiell auch eine zeitweise Speicherung der IP-Adresse zur Abwehr von Gefahren, welche dem Webseitenbetreiber drohen, begr\u00fcndet werden<\/p>\n<!-- \/wp:paragraph -->\n\n<!-- wp:paragraph {\"fontSize\":\"normal\"} -->\n<p class=\"has-normal-font-size\"><strong>8. Newsletterversand<\/strong><\/p>\n<!-- \/wp:paragraph -->\n\n<!-- wp:paragraph -->\n<p>Soweit ein Newsletterversand eingerichtet ist, werden die E-Mail-Adressen hierf\u00fcr auf dem Server der Interessengemeinschaft gespeichert und f\u00fcr keine anderen Zwecke als den Versand der Newsletter verwendet. Die Abonnenten der Newsletter k\u00f6nnen jederzeit selbst das Abonnement k\u00fcndigen; die E-Mail-Adressen werden dadurch automatisch gel\u00f6scht. In jedem Fall (Bestellung, Newsletter, Feedback, Diskussionsforum) werden die angegebenen pers\u00f6nlichen Daten (insb. Name, E-Mail-Adresse) nur f\u00fcr die \u00dcbersendung der gew\u00fcnschten Ver\u00f6ffentlichungen oder Informationen bzw. f\u00fcr die bei dem einzelnen Formular ggf. explizit genannten anderen Zwecke verarbeitet und nicht an Dritte weitergegeben.<\/p>\n<!-- \/wp:paragraph -->\n\n<!-- wp:paragraph {\"fontSize\":\"normal\"} -->\n<p class=\"has-normal-font-size\"><strong>9. Speicherung, Auskunftsrecht, L\u00f6schung<\/strong><\/p>\n<!-- \/wp:paragraph -->\n\n<!-- wp:paragraph -->\n<p>Wenn wir Ihre Daten auf Grund einer bestehenden gesetzlichen Erlaubnis (s. oben) speichern, so geschieht dies nur so lange als die Daten tats\u00e4chlich f\u00fcr den angegebenen Zweck noch ben\u00f6tigt werden. Nicht mehr ben\u00f6tigte Daten werden jeweils am Ende des letzten Nutzungsjahres gel\u00f6scht.Auf Anfrage werden wir Sie gern \u00fcber die zu Ihrer Person gespeicherten Daten informieren.Die L\u00f6schung der gespeicherten personenbezogenen Daten erfolgt, wenn Sie Ihre Einwilligung zur Speicherung widerrufen, wenn ihre Kenntnis zur Erf\u00fcllung des mit der Speicherung verfolgten Zwecks nicht mehr erforderlich ist oder wenn ihre Speicherung aus sonstigen gesetzlichen Gr\u00fcnden unzul\u00e4ssig ist.Sind die gespeicherten Daten unrichtig, so kann die betroffene Person\u00a0 ihre Berichtigung verlangen.<\/p>\n<!-- \/wp:paragraph -->\n\n<!-- wp:paragraph {\"fontSize\":\"normal\"} -->\n<p class=\"has-normal-font-size\"><strong>10. Elektronische Post (E-Mail)<\/strong><\/p>\n<!-- \/wp:paragraph -->\n\n<!-- wp:paragraph -->\n<p>Informationen, die Sie unverschl\u00fcsselt per Elektronische Post (E-Mail) an uns senden, k\u00f6nnen m\u00f6glicherweise auf dem \u00dcbertragungsweg von Dritten gelesen werden. Wir k\u00f6nnen in der Regel auch Ihre Identit\u00e4t nicht \u00fcberpr\u00fcfen und wissen nicht, wer wirklicher Inhaber einer E-Mail-Adresse ist. Eine rechtssichere Kommunikation durch einfache E-Mail ist daher nicht gew\u00e4hrleistet. Wie viele E-Mail-Anbieter setzen wir Filter gegen unerw\u00fcnschte Werbung (\u201eSPAM-Filter\u201c) ein, die in einigen\u00a0 F\u00e4llen auch normale E-Mails f\u00e4lschlicherweise automatisch als unerw\u00fcnschte Werbung einordnen und l\u00f6schen. E-Mails, die sch\u00e4digende Programme (\u201eViren\u201c) enthalten, werden von uns in jedem Fall automatisch gel\u00f6scht.Wenn Sie schutzw\u00fcrdige Nachrichten an uns senden wollen, empfehlen wir, die Nachricht auf konventionellem Postwege an uns zu senden.<\/p>\n<!-- \/wp:paragraph -->\n\n<!-- wp:paragraph -->\n<p>Geretsried, 1. Juli 2020<\/p>\n<!-- \/wp:paragraph --><\/div><\/li>\n<\/ul>","protected":false},"excerpt":{"rendered":"","protected":false},"author":1,"featured_media":0,"parent":0,"menu_order":0,"comment_status":"closed","ping_status":"closed","template":"","meta":{"footnotes":""},"_links":{"self":[{"href":"https:\/\/stadtkirche-geretsried.de\/nk\/wp-json\/wp\/v2\/pages\/337"}],"collection":[{"href":"https:\/\/stadtkirche-geretsried.de\/nk\/wp-json\/wp\/v2\/pages"}],"about":[{"href":"https:\/\/stadtkirche-geretsried.de\/nk\/wp-json\/wp\/v2\/types\/page"}],"author":[{"embeddable":true,"href":"https:\/\/stadtkirche-geretsried.de\/nk\/wp-json\/wp\/v2\/users\/1"}],"replies":[{"embeddable":true,"href":"https:\/\/stadtkirche-geretsried.de\/nk\/wp-json\/wp\/v2\/comments?post=337"}],"version-history":[{"count":3,"href":"https:\/\/stadtkirche-geretsried.de\/nk\/wp-json\/wp\/v2\/pages\/337\/revisions"}],"predecessor-version":[{"id":344,"href":"https:\/\/stadtkirche-geretsried.de\/nk\/wp-json\/wp\/v2\/pages\/337\/revisions\/344"}],"wp:attachment":[{"href":"https:\/\/stadtkirche-geretsried.de\/nk\/wp-json\/wp\/v2\/media?parent=337"}],"curies":[{"name":"wp","href":"https:\/\/api.w.org\/{rel}","templated":true}]}}